{"id":1802,"date":"2021-09-21T10:24:51","date_gmt":"2021-09-21T08:24:51","guid":{"rendered":"https:\/\/www.saarhafen.de\/wp-content\/uploads\/sites\/9\/2021\/09\/DAT_News_210921-scaled.jpg"},"modified":"2021-09-21T10:24:51","modified_gmt":"2021-09-21T08:24:51","slug":"flughafen-saarbruecken-2","status":"inherit","type":"attachment","link":"http:\/\/www.saarhafen.de\/fr\/flughafen-saarbruecken-2\/","title":{"rendered":"Flughafen Saarbr\u00fccken"},"author":8,"featured_media":0,"comment_status":"closed","ping_status":"closed","template":"","meta":{"_acf_changed":false},"class_list":["post-1802","attachment","type-attachment","status-inherit","hentry"],"acf":[],"yoast_head":"<!-- This site is optimized with the Yoast SEO plugin v27.4 - https:\/\/yoast.com\/product\/yoast-seo-wordpress\/ -->\n<title>Flughafen Saarbr\u00fccken - Hafenbetriebe Saar<\/title>\n<meta name=\"robots\" content=\"index, follow, max-snippet:-1, max-image-preview:large, max-video-preview:-1\" \/>\n<link rel=\"canonical\" href=\"https:\/\/www.saarhafen.de\/wp-content\/uploads\/sites\/9\/2021\/09\/DAT_News_210921-scaled.jpg\" \/>\n<meta property=\"og:locale\" content=\"fr_FR\" \/>\n<meta property=\"og:type\" content=\"article\" \/>\n<meta property=\"og:title\" content=\"Flughafen Saarbr\u00fccken - Hafenbetriebe Saar\" \/>\n<meta property=\"og:description\" content=\"Jesper Rungholm und sein Sohn Robert reden am Donnerstag (16.9.2021) im Flughafen Saarbr\u00fccken mit Flughafenchef Thomas Schuck und Staatssekret\u00e4r J\u00fcrgen Barke. Jesper Rungholm ist der Chef der Fluggesellschaft DAT aus D\u00e4nemark und bedient die Flugverbindungen nach Hamburg und Berlin. Foto: BeckerBredel\" \/>\n<meta property=\"og:url\" content=\"https:\/\/www.saarhafen.de\/wp-content\/uploads\/sites\/9\/2021\/09\/DAT_News_210921-scaled.jpg\" \/>\n<meta property=\"og:site_name\" content=\"Hafenbetriebe Saar\" \/>\n<meta property=\"og:image\" content=\"https:\/\/www.saarhafen.de\/wp-content\/uploads\/sites\/9\/2021\/09\/DAT_News_210921-scaled.jpg\" \/>\n\t<meta property=\"og:image:width\" content=\"1\" \/>\n\t<meta property=\"og:image:height\" content=\"1\" \/>\n\t<meta property=\"og:image:type\" content=\"image\/jpeg\" \/>\n<meta name=\"twitter:card\" content=\"summary_large_image\" \/>\n<script type=\"application\/ld+json\" class=\"yoast-schema-graph\">{\"@context\":\"https:\\\/\\\/schema.org\",\"@graph\":[{\"@type\":\"WebPage\",\"@id\":\"https:\\\/\\\/www.saarhafen.de\\\/wp-content\\\/uploads\\\/sites\\\/9\\\/2021\\\/09\\\/DAT_News_210921-scaled.jpg\",\"url\":\"https:\\\/\\\/www.saarhafen.de\\\/wp-content\\\/uploads\\\/sites\\\/9\\\/2021\\\/09\\\/DAT_News_210921-scaled.jpg\",\"name\":\"Flughafen Saarbr\u00fccken - Hafenbetriebe Saar\",\"isPartOf\":{\"@id\":\"https:\\\/\\\/www.saarhafen.de\\\/#website\"},\"datePublished\":\"2021-09-21T08:24:51+00:00\",\"breadcrumb\":{\"@id\":\"https:\\\/\\\/www.saarhafen.de\\\/wp-content\\\/uploads\\\/sites\\\/9\\\/2021\\\/09\\\/DAT_News_210921-scaled.jpg#breadcrumb\"},\"inLanguage\":\"fr-FR\",\"potentialAction\":[{\"@type\":\"ReadAction\",\"target\":[\"https:\\\/\\\/www.saarhafen.de\\\/wp-content\\\/uploads\\\/sites\\\/9\\\/2021\\\/09\\\/DAT_News_210921-scaled.jpg\"]}]},{\"@type\":\"BreadcrumbList\",\"@id\":\"https:\\\/\\\/www.saarhafen.de\\\/wp-content\\\/uploads\\\/sites\\\/9\\\/2021\\\/09\\\/DAT_News_210921-scaled.jpg#breadcrumb\",\"itemListElement\":[{\"@type\":\"ListItem\",\"position\":1,\"name\":\"Home\",\"item\":\"https:\\\/\\\/www.saarhafen.de\\\/fr\\\/\"},{\"@type\":\"ListItem\",\"position\":2,\"name\":\"Flughafen Saarbr\u00fccken\"}]},{\"@type\":\"WebSite\",\"@id\":\"https:\\\/\\\/www.saarhafen.de\\\/#website\",\"url\":\"https:\\\/\\\/www.saarhafen.de\\\/\",\"name\":\"Hafenbetriebe Saar\",\"description\":\"Eine weitere SHS | Strukturholding Saar Seiten Seite\",\"potentialAction\":[{\"@type\":\"SearchAction\",\"target\":{\"@type\":\"EntryPoint\",\"urlTemplate\":\"https:\\\/\\\/www.saarhafen.de\\\/?s={search_term_string}\"},\"query-input\":{\"@type\":\"PropertyValueSpecification\",\"valueRequired\":true,\"valueName\":\"search_term_string\"}}],\"inLanguage\":\"fr-FR\"}]}<\/script>\n<!-- \/ Yoast SEO plugin. -->","yoast_head_json":{"title":"Flughafen Saarbr\u00fccken - Hafenbetriebe Saar","robots":{"index":"index","follow":"follow","max-snippet":"max-snippet:-1","max-image-preview":"max-image-preview:large","max-video-preview":"max-video-preview:-1"},"canonical":"https:\/\/www.saarhafen.de\/wp-content\/uploads\/sites\/9\/2021\/09\/DAT_News_210921-scaled.jpg","og_locale":"fr_FR","og_type":"article","og_title":"Flughafen Saarbr\u00fccken - Hafenbetriebe Saar","og_description":"Jesper Rungholm und sein Sohn Robert reden am Donnerstag (16.9.2021) im Flughafen Saarbr\u00fccken mit Flughafenchef Thomas Schuck und Staatssekret\u00e4r J\u00fcrgen Barke. Jesper Rungholm ist der Chef der Fluggesellschaft DAT aus D\u00e4nemark und bedient die Flugverbindungen nach Hamburg und Berlin. Foto: BeckerBredel","og_url":"https:\/\/www.saarhafen.de\/wp-content\/uploads\/sites\/9\/2021\/09\/DAT_News_210921-scaled.jpg","og_site_name":"Hafenbetriebe Saar","og_image":[{"url":"https:\/\/www.saarhafen.de\/wp-content\/uploads\/sites\/9\/2021\/09\/DAT_News_210921-scaled.jpg","width":1,"height":1,"type":"image\/jpeg"}],"twitter_card":"summary_large_image","schema":{"@context":"https:\/\/schema.org","@graph":[{"@type":"WebPage","@id":"https:\/\/www.saarhafen.de\/wp-content\/uploads\/sites\/9\/2021\/09\/DAT_News_210921-scaled.jpg","url":"https:\/\/www.saarhafen.de\/wp-content\/uploads\/sites\/9\/2021\/09\/DAT_News_210921-scaled.jpg","name":"Flughafen Saarbr\u00fccken - Hafenbetriebe Saar","isPartOf":{"@id":"https:\/\/www.saarhafen.de\/#website"},"datePublished":"2021-09-21T08:24:51+00:00","breadcrumb":{"@id":"https:\/\/www.saarhafen.de\/wp-content\/uploads\/sites\/9\/2021\/09\/DAT_News_210921-scaled.jpg#breadcrumb"},"inLanguage":"fr-FR","potentialAction":[{"@type":"ReadAction","target":["https:\/\/www.saarhafen.de\/wp-content\/uploads\/sites\/9\/2021\/09\/DAT_News_210921-scaled.jpg"]}]},{"@type":"BreadcrumbList","@id":"https:\/\/www.saarhafen.de\/wp-content\/uploads\/sites\/9\/2021\/09\/DAT_News_210921-scaled.jpg#breadcrumb","itemListElement":[{"@type":"ListItem","position":1,"name":"Home","item":"https:\/\/www.saarhafen.de\/fr\/"},{"@type":"ListItem","position":2,"name":"Flughafen Saarbr\u00fccken"}]},{"@type":"WebSite","@id":"https:\/\/www.saarhafen.de\/#website","url":"https:\/\/www.saarhafen.de\/","name":"Hafenbetriebe Saar","description":"Eine weitere SHS | Strukturholding Saar Seiten Seite","potentialAction":[{"@type":"SearchAction","target":{"@type":"EntryPoint","urlTemplate":"https:\/\/www.saarhafen.de\/?s={search_term_string}"},"query-input":{"@type":"PropertyValueSpecification","valueRequired":true,"valueName":"search_term_string"}}],"inLanguage":"fr-FR"}]}},"smush":"Not processed","description":{"rendered":"<p class=\"attachment\"><a href='https:\/\/www.saarhafen.de\/wp-content\/uploads\/sites\/9\/2021\/09\/DAT_News_210921-scaled.jpg'><img loading=\"lazy\" decoding=\"async\" width=\"1\" height=\"1\" src=\"https:\/\/www.saarhafen.de\/wp-content\/uploads\/sites\/9\/2021\/09\/DAT_News_210921-scaled.jpg\" class=\"attachment-medium size-medium\" alt=\"\" \/><\/a><\/p>\n"},"caption":{"rendered":"<p>Jesper Rungholm und sein Sohn Robert reden am Donnerstag (16.9.2021) im Flughafen Saarbr\u00fccken mit Flughafenchef Thomas Schuck und Staatssekret\u00e4r J\u00fcrgen Barke. Jesper Rungholm ist der Chef der Fluggesellschaft DAT aus D\u00e4nemark und bedient die Flugverbindungen nach Hamburg und Berlin. Foto: BeckerBredel<\/p>\n"},"alt_text":"","media_type":"image","mime_type":"image\/jpeg","media_details":{},"post":null,"source_url":"https:\/\/www.saarhafen.de\/wp-content\/uploads\/sites\/9\/2021\/09\/DAT_News_210921-scaled.jpg","_links":{"self":[{"href":"http:\/\/www.saarhafen.de\/fr\/wp-json\/wp\/v2\/media\/1802","targetHints":{"allow":["GET"]}}],"collection":[{"href":"http:\/\/www.saarhafen.de\/fr\/wp-json\/wp\/v2\/media"}],"about":[{"href":"http:\/\/www.saarhafen.de\/fr\/wp-json\/wp\/v2\/types\/attachment"}],"author":[{"embeddable":true,"href":"http:\/\/www.saarhafen.de\/fr\/wp-json\/wp\/v2\/users\/8"}],"replies":[{"embeddable":true,"href":"http:\/\/www.saarhafen.de\/fr\/wp-json\/wp\/v2\/comments?post=1802"}]}}