{"id":3206,"date":"2026-03-26T09:11:05","date_gmt":"2026-03-26T08:11:05","guid":{"rendered":"https:\/\/www.saarhafen.de\/wp-content\/uploads\/sites\/9\/2026\/03\/260309_Projektpartner_tonwKorr_rb-scaled.jpg"},"modified":"2026-03-26T09:17:16","modified_gmt":"2026-03-26T08:17:16","slug":"260309_projektpartner_tonwkorr_rb-2","status":"inherit","type":"attachment","link":"https:\/\/www.saarhafen.de\/fr\/financement-de-lue-pour-le-projet-interreg-pact-h2-dun-montant-total-de-3-millions-deuros\/260309_projektpartner_tonwkorr_rb-2\/","title":{"rendered":"260309_Projektpartner_tonwKorr_rb"},"author":7,"featured_media":0,"comment_status":"closed","ping_status":"closed","template":"","meta":{"_acf_changed":false},"class_list":["post-3206","attachment","type-attachment","status-inherit","hentry"],"acf":[],"yoast_head":"<!-- This site is optimized with the Yoast SEO plugin v27.4 - https:\/\/yoast.com\/product\/yoast-seo-wordpress\/ -->\n<title>260309_Projektpartner_tonwKorr_rb - Hafenbetriebe Saar<\/title>\n<meta name=\"robots\" content=\"index, follow, max-snippet:-1, max-image-preview:large, max-video-preview:-1\" \/>\n<link rel=\"canonical\" href=\"https:\/\/www.saarhafen.de\/wp-content\/uploads\/sites\/9\/2026\/03\/260309_Projektpartner_tonwKorr_rb-scaled.jpg\" \/>\n<meta property=\"og:locale\" content=\"fr_FR\" \/>\n<meta property=\"og:type\" content=\"article\" \/>\n<meta property=\"og:title\" content=\"260309_Projektpartner_tonwKorr_rb - Hafenbetriebe Saar\" \/>\n<meta property=\"og:description\" content=\"Alle Projektpartner und -partnerinnen beim Arbeitstreffen am 9. M\u00e4rz im Atrium in Saarbr\u00fccken mit Wirtschaftsstaatssekret\u00e4rin Elena Yorgova-Ramanauskas und H2Saar-Gesch\u00e4ftsf\u00fchrerin Bettina H\u00fcbschen (beide Mitte). Foto: MWIDE \/ Corinna Schneider\" \/>\n<meta property=\"og:url\" content=\"https:\/\/www.saarhafen.de\/wp-content\/uploads\/sites\/9\/2026\/03\/260309_Projektpartner_tonwKorr_rb-scaled.jpg\" \/>\n<meta property=\"og:site_name\" content=\"Hafenbetriebe Saar\" \/>\n<meta property=\"article:modified_time\" content=\"2026-03-26T08:17:16+00:00\" \/>\n<meta property=\"og:image\" content=\"https:\/\/www.saarhafen.de\/wp-content\/uploads\/sites\/9\/2026\/03\/260309_Projektpartner_tonwKorr_rb-scaled.jpg\" \/>\n\t<meta property=\"og:image:width\" content=\"2560\" \/>\n\t<meta property=\"og:image:height\" content=\"1449\" \/>\n\t<meta property=\"og:image:type\" content=\"image\/jpeg\" \/>\n<meta name=\"twitter:card\" content=\"summary_large_image\" \/>\n<script type=\"application\/ld+json\" class=\"yoast-schema-graph\">{\"@context\":\"https:\\\/\\\/schema.org\",\"@graph\":[{\"@type\":\"WebPage\",\"@id\":\"https:\\\/\\\/www.saarhafen.de\\\/wp-content\\\/uploads\\\/sites\\\/9\\\/2026\\\/03\\\/260309_Projektpartner_tonwKorr_rb-scaled.jpg\",\"url\":\"https:\\\/\\\/www.saarhafen.de\\\/wp-content\\\/uploads\\\/sites\\\/9\\\/2026\\\/03\\\/260309_Projektpartner_tonwKorr_rb-scaled.jpg\",\"name\":\"260309_Projektpartner_tonwKorr_rb - Hafenbetriebe Saar\",\"isPartOf\":{\"@id\":\"https:\\\/\\\/www.saarhafen.de\\\/#website\"},\"datePublished\":\"2026-03-26T08:11:05+00:00\",\"dateModified\":\"2026-03-26T08:17:16+00:00\",\"breadcrumb\":{\"@id\":\"https:\\\/\\\/www.saarhafen.de\\\/wp-content\\\/uploads\\\/sites\\\/9\\\/2026\\\/03\\\/260309_Projektpartner_tonwKorr_rb-scaled.jpg#breadcrumb\"},\"inLanguage\":\"fr-FR\",\"potentialAction\":[{\"@type\":\"ReadAction\",\"target\":[\"https:\\\/\\\/www.saarhafen.de\\\/wp-content\\\/uploads\\\/sites\\\/9\\\/2026\\\/03\\\/260309_Projektpartner_tonwKorr_rb-scaled.jpg\"]}]},{\"@type\":\"BreadcrumbList\",\"@id\":\"https:\\\/\\\/www.saarhafen.de\\\/wp-content\\\/uploads\\\/sites\\\/9\\\/2026\\\/03\\\/260309_Projektpartner_tonwKorr_rb-scaled.jpg#breadcrumb\",\"itemListElement\":[{\"@type\":\"ListItem\",\"position\":1,\"name\":\"Home\",\"item\":\"https:\\\/\\\/www.saarhafen.de\\\/fr\\\/\"},{\"@type\":\"ListItem\",\"position\":2,\"name\":\"Financement de l\u2019UE pour le projet Interreg PACT-H2 d\u2019un montant total de 3 millions d\u2019euros.\",\"item\":\"https:\\\/\\\/www.saarhafen.de\\\/fr\\\/financement-de-lue-pour-le-projet-interreg-pact-h2-dun-montant-total-de-3-millions-deuros\\\/\"},{\"@type\":\"ListItem\",\"position\":3,\"name\":\"260309_Projektpartner_tonwKorr_rb\"}]},{\"@type\":\"WebSite\",\"@id\":\"https:\\\/\\\/www.saarhafen.de\\\/#website\",\"url\":\"https:\\\/\\\/www.saarhafen.de\\\/\",\"name\":\"Hafenbetriebe Saar\",\"description\":\"Eine weitere SHS | Strukturholding Saar Seiten Seite\",\"potentialAction\":[{\"@type\":\"SearchAction\",\"target\":{\"@type\":\"EntryPoint\",\"urlTemplate\":\"https:\\\/\\\/www.saarhafen.de\\\/?s={search_term_string}\"},\"query-input\":{\"@type\":\"PropertyValueSpecification\",\"valueRequired\":true,\"valueName\":\"search_term_string\"}}],\"inLanguage\":\"fr-FR\"}]}<\/script>\n<!-- \/ Yoast SEO plugin. -->","yoast_head_json":{"title":"260309_Projektpartner_tonwKorr_rb - Hafenbetriebe Saar","robots":{"index":"index","follow":"follow","max-snippet":"max-snippet:-1","max-image-preview":"max-image-preview:large","max-video-preview":"max-video-preview:-1"},"canonical":"https:\/\/www.saarhafen.de\/wp-content\/uploads\/sites\/9\/2026\/03\/260309_Projektpartner_tonwKorr_rb-scaled.jpg","og_locale":"fr_FR","og_type":"article","og_title":"260309_Projektpartner_tonwKorr_rb - Hafenbetriebe Saar","og_description":"Alle Projektpartner und -partnerinnen beim Arbeitstreffen am 9. M\u00e4rz im Atrium in Saarbr\u00fccken mit Wirtschaftsstaatssekret\u00e4rin Elena Yorgova-Ramanauskas und H2Saar-Gesch\u00e4ftsf\u00fchrerin Bettina H\u00fcbschen (beide Mitte). Foto: MWIDE \/ Corinna Schneider","og_url":"https:\/\/www.saarhafen.de\/wp-content\/uploads\/sites\/9\/2026\/03\/260309_Projektpartner_tonwKorr_rb-scaled.jpg","og_site_name":"Hafenbetriebe Saar","article_modified_time":"2026-03-26T08:17:16+00:00","og_image":[{"width":2560,"height":1449,"url":"https:\/\/www.saarhafen.de\/wp-content\/uploads\/sites\/9\/2026\/03\/260309_Projektpartner_tonwKorr_rb-scaled.jpg","type":"image\/jpeg"}],"twitter_card":"summary_large_image","schema":{"@context":"https:\/\/schema.org","@graph":[{"@type":"WebPage","@id":"https:\/\/www.saarhafen.de\/wp-content\/uploads\/sites\/9\/2026\/03\/260309_Projektpartner_tonwKorr_rb-scaled.jpg","url":"https:\/\/www.saarhafen.de\/wp-content\/uploads\/sites\/9\/2026\/03\/260309_Projektpartner_tonwKorr_rb-scaled.jpg","name":"260309_Projektpartner_tonwKorr_rb - Hafenbetriebe Saar","isPartOf":{"@id":"https:\/\/www.saarhafen.de\/#website"},"datePublished":"2026-03-26T08:11:05+00:00","dateModified":"2026-03-26T08:17:16+00:00","breadcrumb":{"@id":"https:\/\/www.saarhafen.de\/wp-content\/uploads\/sites\/9\/2026\/03\/260309_Projektpartner_tonwKorr_rb-scaled.jpg#breadcrumb"},"inLanguage":"fr-FR","potentialAction":[{"@type":"ReadAction","target":["https:\/\/www.saarhafen.de\/wp-content\/uploads\/sites\/9\/2026\/03\/260309_Projektpartner_tonwKorr_rb-scaled.jpg"]}]},{"@type":"BreadcrumbList","@id":"https:\/\/www.saarhafen.de\/wp-content\/uploads\/sites\/9\/2026\/03\/260309_Projektpartner_tonwKorr_rb-scaled.jpg#breadcrumb","itemListElement":[{"@type":"ListItem","position":1,"name":"Home","item":"https:\/\/www.saarhafen.de\/fr\/"},{"@type":"ListItem","position":2,"name":"Financement de l\u2019UE pour le projet Interreg PACT-H2 d\u2019un montant total de 3 millions d\u2019euros.","item":"https:\/\/www.saarhafen.de\/fr\/financement-de-lue-pour-le-projet-interreg-pact-h2-dun-montant-total-de-3-millions-deuros\/"},{"@type":"ListItem","position":3,"name":"260309_Projektpartner_tonwKorr_rb"}]},{"@type":"WebSite","@id":"https:\/\/www.saarhafen.de\/#website","url":"https:\/\/www.saarhafen.de\/","name":"Hafenbetriebe Saar","description":"Eine weitere SHS | Strukturholding Saar Seiten Seite","potentialAction":[{"@type":"SearchAction","target":{"@type":"EntryPoint","urlTemplate":"https:\/\/www.saarhafen.de\/?s={search_term_string}"},"query-input":{"@type":"PropertyValueSpecification","valueRequired":true,"valueName":"search_term_string"}}],"inLanguage":"fr-FR"}]}},"smush":"Not processed","description":{"rendered":"<p class=\"attachment\"><a href='https:\/\/www.saarhafen.de\/wp-content\/uploads\/sites\/9\/2026\/03\/260309_Projektpartner_tonwKorr_rb-scaled.jpg'><img loading=\"lazy\" decoding=\"async\" width=\"300\" height=\"170\" src=\"https:\/\/www.saarhafen.de\/wp-content\/uploads\/sites\/9\/2026\/03\/260309_Projektpartner_tonwKorr_rb-300x170.jpg\" class=\"attachment-medium size-medium\" alt=\"\" srcset=\"https:\/\/www.saarhafen.de\/wp-content\/uploads\/sites\/9\/2026\/03\/260309_Projektpartner_tonwKorr_rb-300x170.jpg 300w, https:\/\/www.saarhafen.de\/wp-content\/uploads\/sites\/9\/2026\/03\/260309_Projektpartner_tonwKorr_rb-1024x580.jpg 1024w, https:\/\/www.saarhafen.de\/wp-content\/uploads\/sites\/9\/2026\/03\/260309_Projektpartner_tonwKorr_rb-768x435.jpg 768w, https:\/\/www.saarhafen.de\/wp-content\/uploads\/sites\/9\/2026\/03\/260309_Projektpartner_tonwKorr_rb-1536x870.jpg 1536w, https:\/\/www.saarhafen.de\/wp-content\/uploads\/sites\/9\/2026\/03\/260309_Projektpartner_tonwKorr_rb-2048x1160.jpg 2048w\" sizes=\"auto, (max-width: 300px) 100vw, 300px\" \/><\/a><\/p>\n"},"caption":{"rendered":"<p>Alle Projektpartner und -partnerinnen beim Arbeitstreffen am 9. M\u00e4rz im Atrium in Saarbr\u00fccken mit Wirtschaftsstaatssekret\u00e4rin<br \/>\nElena Yorgova-Ramanauskas und H2Saar-Gesch\u00e4ftsf\u00fchrerin Bettina H\u00fcbschen (beide Mitte). Foto: MWIDE \/ Corinna Schneider<\/p>\n"},"alt_text":"","media_type":"image","mime_type":"image\/jpeg","media_details":{"width":2560,"height":1449,"file":"2026\/03\/260309_Projektpartner_tonwKorr_rb-scaled.jpg","filesize":706326,"sizes":{"medium":{"file":"260309_Projektpartner_tonwKorr_rb-300x170.jpg","width":300,"height":170,"filesize":18002,"mime_type":"image\/jpeg","source_url":"https:\/\/www.saarhafen.de\/wp-content\/uploads\/sites\/9\/2026\/03\/260309_Projektpartner_tonwKorr_rb-300x170.jpg"},"large":{"file":"260309_Projektpartner_tonwKorr_rb-1024x580.jpg","width":1024,"height":580,"filesize":144609,"mime_type":"image\/jpeg","source_url":"https:\/\/www.saarhafen.de\/wp-content\/uploads\/sites\/9\/2026\/03\/260309_Projektpartner_tonwKorr_rb-1024x580.jpg"},"thumbnail":{"file":"260309_Projektpartner_tonwKorr_rb-150x150.jpg","width":150,"height":150,"filesize":8953,"mime_type":"image\/jpeg","source_url":"https:\/\/www.saarhafen.de\/wp-content\/uploads\/sites\/9\/2026\/03\/260309_Projektpartner_tonwKorr_rb-150x150.jpg"},"medium_large":{"file":"260309_Projektpartner_tonwKorr_rb-768x435.jpg","width":768,"height":435,"filesize":88114,"mime_type":"image\/jpeg","source_url":"https:\/\/www.saarhafen.de\/wp-content\/uploads\/sites\/9\/2026\/03\/260309_Projektpartner_tonwKorr_rb-768x435.jpg"},"1536x1536":{"file":"260309_Projektpartner_tonwKorr_rb-1536x870.jpg","width":1536,"height":870,"filesize":292006,"mime_type":"image\/jpeg","source_url":"https:\/\/www.saarhafen.de\/wp-content\/uploads\/sites\/9\/2026\/03\/260309_Projektpartner_tonwKorr_rb-1536x870.jpg"},"2048x2048":{"file":"260309_Projektpartner_tonwKorr_rb-2048x1160.jpg","width":2048,"height":1160,"filesize":480859,"mime_type":"image\/jpeg","source_url":"https:\/\/www.saarhafen.de\/wp-content\/uploads\/sites\/9\/2026\/03\/260309_Projektpartner_tonwKorr_rb-2048x1160.jpg"},"news-thumb":{"file":"260309_Projektpartner_tonwKorr_rb-480x294.jpg","width":480,"height":294,"filesize":42446,"mime_type":"image\/jpeg","source_url":"https:\/\/www.saarhafen.de\/wp-content\/uploads\/sites\/9\/2026\/03\/260309_Projektpartner_tonwKorr_rb-480x294.jpg"},"ansprechpartner-thumb":{"file":"260309_Projektpartner_tonwKorr_rb-480x394.jpg","width":480,"height":394,"filesize":53761,"mime_type":"image\/jpeg","source_url":"https:\/\/www.saarhafen.de\/wp-content\/uploads\/sites\/9\/2026\/03\/260309_Projektpartner_tonwKorr_rb-480x394.jpg"},"quickguide-thumb":{"file":"260309_Projektpartner_tonwKorr_rb-478x238.jpg","width":478,"height":238,"filesize":35048,"mime_type":"image\/jpeg","source_url":"https:\/\/www.saarhafen.de\/wp-content\/uploads\/sites\/9\/2026\/03\/260309_Projektpartner_tonwKorr_rb-478x238.jpg"},"gallery-thumb":{"file":"260309_Projektpartner_tonwKorr_rb-600x320.jpg","width":600,"height":320,"filesize":54477,"mime_type":"image\/jpeg","source_url":"https:\/\/www.saarhafen.de\/wp-content\/uploads\/sites\/9\/2026\/03\/260309_Projektpartner_tonwKorr_rb-600x320.jpg"},"headerGrafik2000":{"file":"260309_Projektpartner_tonwKorr_rb-2000x680.jpg","width":2000,"height":680,"filesize":284159,"mime_type":"image\/jpeg","source_url":"https:\/\/www.saarhafen.de\/wp-content\/uploads\/sites\/9\/2026\/03\/260309_Projektpartner_tonwKorr_rb-2000x680.jpg"},"full":{"file":"260309_Projektpartner_tonwKorr_rb-scaled.jpg","width":2560,"height":1449,"mime_type":"image\/jpeg","source_url":"https:\/\/www.saarhafen.de\/wp-content\/uploads\/sites\/9\/2026\/03\/260309_Projektpartner_tonwKorr_rb-scaled.jpg"}},"image_meta":{"aperture":"0","credit":"","camera":"","caption":"","created_timestamp":"1773055992","copyright":"","focal_length":"0","iso":"0","shutter_speed":"0","title":"","orientation":"1","keywords":[]},"original_image":"260309_Projektpartner_tonwKorr_rb.jpg"},"post":3219,"source_url":"https:\/\/www.saarhafen.de\/wp-content\/uploads\/sites\/9\/2026\/03\/260309_Projektpartner_tonwKorr_rb-scaled.jpg","_links":{"self":[{"href":"https:\/\/www.saarhafen.de\/fr\/wp-json\/wp\/v2\/media\/3206","targetHints":{"allow":["GET"]}}],"collection":[{"href":"https:\/\/www.saarhafen.de\/fr\/wp-json\/wp\/v2\/media"}],"about":[{"href":"https:\/\/www.saarhafen.de\/fr\/wp-json\/wp\/v2\/types\/attachment"}],"author":[{"embeddable":true,"href":"https:\/\/www.saarhafen.de\/fr\/wp-json\/wp\/v2\/users\/7"}],"replies":[{"embeddable":true,"href":"https:\/\/www.saarhafen.de\/fr\/wp-json\/wp\/v2\/comments?post=3206"}],"wp:attached-to":[{"embeddable":true,"post_type":"post","id":3219,"href":"https:\/\/www.saarhafen.de\/fr\/wp-json\/wp\/v2\/posts\/3219"}],"curies":[{"name":"wp","href":"https:\/\/api.w.org\/{rel}","templated":true}]}}